{"id":27,"date":"2020-10-07T16:44:15","date_gmt":"2020-10-07T16:44:15","guid":{"rendered":"http:\/\/urbanamixta.edu.co\/?page_id=27"},"modified":"2020-10-07T16:44:15","modified_gmt":"2020-10-07T16:44:15","slug":"horizonte-estrategico","status":"publish","type":"page","link":"https:\/\/urbanamixta.edu.co\/?page_id=27","title":{"rendered":"Horizonte Estrat\u00e9gico"},"content":{"rendered":"<p><strong>HORIZONTE ESTRAT\u00c9GICO INSTITUCIONAL<\/strong><\/p>\n<p><strong>\u00a0<\/strong><\/p>\n<p>La Instituci\u00f3n Educativa Urbana Mixta No 1 reconoce al estudiante como persona como un ser \u00fanico formado en los valores, en el respeto humano, en la diversidad cultural, en la libertad, en la autonom\u00eda, la espiritualidad, permitiendo en el estudiante sentir, pesar y actuar democr\u00e1ticamente a nivel individual y social.<\/p>\n<p>&nbsp;<\/p>\n<ol>\n<li><strong> MISI\u00d3N<\/strong><\/li>\n<\/ol>\n<p>&nbsp;<\/p>\n<p>La Instituci\u00f3n Educativa Urbana Mixta No 1 tiene como Misi\u00f3n garantizar a los estudiantes sin discriminaci\u00f3n alguna la inclusi\u00f3n, la permanencia y el \u00e9xito en los aprendizajes efectivos y completos en los niveles cognitivos, afectivo y social.\u00a0 Para ello ofrece a la comunidad educativa los diferentes niveles de educaci\u00f3n desde el Preescolar hasta el grado 11\u00b0 de la Media Acad\u00e9mica y el programa de educaci\u00f3n para adultos.<\/p>\n<p>La Instituci\u00f3n Educativa Urbana Mixta No 1 cuenta con un curr\u00edculo flexible y diversificado en doce \u00e1reas fundamentales con sus respectivas asignaturas optativas; Ciencias Sociales (Cultura Wayu\u00fa), Humanidades (Wayuunaiki), Contabilidad, con servicios de apoyo pedag\u00f3gicos y tecnol\u00f3gicos necesarios.\u00a0 Aspiramos a convertirnos en l\u00edderes de las innovaciones educativas y de la excelencia acad\u00e9mica para brindarles a los estudiantes un servicio \u00f3ptimo, prestando mayor atenci\u00f3n a una verdadera formaci\u00f3n integral contextualizada con lo local y lo regional.<\/p>\n<p>&nbsp;<\/p>\n<ol>\n<li><strong> VISION<\/strong><\/li>\n<\/ol>\n<p><strong>\u00a0<\/strong><\/p>\n<p>La Instituci\u00f3n Educativa \u201cUrbana Mixta No 1\u201d, se proyecta como una Comunidad Acad\u00e9mica y Educativa, reconocida por ser un lugar social puesta al desarrollo cultural del Municipio de Manaure, donde se gestiona la participaci\u00f3n de la Comunidad Educativa favoreciendo el desarrollo integral de los estudiantes.<\/p>\n<p>Ser\u00e1 una Instituci\u00f3n l\u00edder en la formaci\u00f3n de un ser humano activo, responsable, innovador, cr\u00edtico, anal\u00edtico e investigativo, con actitudes, valores y normas que le permitan vivir en una sociedad democr\u00e1tica, participativa y pluralista con visi\u00f3n moderna al desarrollo.<\/p>\n<p>&nbsp;<\/p>\n","protected":false},"excerpt":{"rendered":"<p>HORIZONTE ESTRAT\u00c9GICO INSTITUCIONAL \u00a0 La Instituci\u00f3n Educativa Urbana Mixta No 1 reconoce al estudiante como persona como un ser \u00fanico &hellip; <\/p>\n","protected":false},"author":1,"featured_media":0,"parent":0,"menu_order":0,"comment_status":"closed","ping_status":"closed","template":"","meta":{"footnotes":""},"class_list":["post-27","page","type-page","status-publish","hentry"],"_links":{"self":[{"href":"https:\/\/urbanamixta.edu.co\/index.php?rest_route=\/wp\/v2\/pages\/27","targetHints":{"allow":["GET"]}}],"collection":[{"href":"https:\/\/urbanamixta.edu.co\/index.php?rest_route=\/wp\/v2\/pages"}],"about":[{"href":"https:\/\/urbanamixta.edu.co\/index.php?rest_route=\/wp\/v2\/types\/page"}],"author":[{"embeddable":true,"href":"https:\/\/urbanamixta.edu.co\/index.php?rest_route=\/wp\/v2\/users\/1"}],"replies":[{"embeddable":true,"href":"https:\/\/urbanamixta.edu.co\/index.php?rest_route=%2Fwp%2Fv2%2Fcomments&post=27"}],"version-history":[{"count":1,"href":"https:\/\/urbanamixta.edu.co\/index.php?rest_route=\/wp\/v2\/pages\/27\/revisions"}],"predecessor-version":[{"id":28,"href":"https:\/\/urbanamixta.edu.co\/index.php?rest_route=\/wp\/v2\/pages\/27\/revisions\/28"}],"wp:attachment":[{"href":"https:\/\/urbanamixta.edu.co\/index.php?rest_route=%2Fwp%2Fv2%2Fmedia&parent=27"}],"curies":[{"name":"wp","href":"https:\/\/api.w.org\/{rel}","templated":true}]}}